{"id":154,"date":"2020-11-04T08:23:59","date_gmt":"2020-11-04T07:23:59","guid":{"rendered":"https:\/\/www.lecourrierdudentiste.com\/lepatient\/?page_id=154"},"modified":"2021-01-15T11:17:18","modified_gmt":"2021-01-15T10:17:18","slug":"la-prothese","status":"publish","type":"page","link":"https:\/\/www.lecourrierdudentiste.com\/lepatient\/la-prothese","title":{"rendered":"La proth\u00e8se"},"content":{"rendered":"<p>La proth\u00e8se ou prosthodontie est l&rsquo;une des branches de la m\u00e9decine dentaire qui s&rsquo;occupe de la restauration et la maintenance de la fonction orale. Ceci se fait par remplacement des dents manquantes et des tissus mous et durs associ\u00e9s par des proth\u00e8ses (<a href=\"https:\/\/www.lecourrierdudentiste.com\/lepatient\/blog\/les-couronnes-dentaires-ce-quil-faut-savoir.html\">couronnes<\/a>, bridges, dentiers). Ces derni\u00e8res peuvent \u00eatre fixes ou amovibles, ou peuvent \u00eatre support\u00e9es et retenues par des implants.<\/p>\n<p>Un prosthodontiste est un dentiste sp\u00e9cialis\u00e9 qui s&rsquo;occupe du remplacement des dents manquantes et des structures buccales ou maxillaires associ\u00e9es. Ainsi, des bridges, des proth\u00e8ses dentaires ou des proth\u00e8ses feront office de rempla\u00e7ants. Le prosthodontiste re\u00e7oit une formation suppl\u00e9mentaire de trois ans voir plus apr\u00e8s l&rsquo;\u00e9cole dentaire pour se sp\u00e9cialiser dans ce domaine.<\/p>\n<p>La prosthodontie ou proth\u00e8se est une vaste sp\u00e9cialit\u00e9 et ses sous-sp\u00e9cialit\u00e9s sont :<\/p>\n<p>&#8211; Proth\u00e8ses fixes,<\/p>\n<p>&#8211; Proth\u00e8ses amovibles,<\/p>\n<p>&#8211; Prosthodontie maxillo-faciale,<\/p>\n<p>&#8211; Implanter la prosthodontie.<\/p>\n","protected":false},"excerpt":{"rendered":"<p>La proth\u00e8se ou prosthodontie est l&rsquo;une des branches de la m\u00e9decine dentaire qui s&rsquo;occupe de la restauration et la maintenance<\/p>\n","protected":false},"author":1,"featured_media":790,"parent":0,"menu_order":0,"comment_status":"closed","ping_status":"closed","template":"","meta":{"colormag_page_container_layout":"default_layout","colormag_page_sidebar_layout":"default_layout","_lmt_disableupdate":"","_lmt_disable":"","footnotes":""},"class_list":["post-154","page","type-page","status-publish","has-post-thumbnail","hentry"],"yoast_head":"<!-- This site is optimized with the Yoast SEO plugin v27.5 - https:\/\/yoast.com\/product\/yoast-seo-wordpress\/ -->\n<title>La proth\u00e8se - Ma sant\u00e9 bucco-dentaire - La proth\u00e8se<\/title>\n<meta name=\"description\" content=\"La proth\u00e8se est l&#039;une des branches de la m\u00e9decine dentaire qui s&#039;occupe de la restauration et la maintenance de la fonction orale.\" \/>\n<meta name=\"robots\" content=\"index, follow, max-snippet:-1, max-image-preview:large, max-video-preview:-1\" \/>\n<link rel=\"canonical\" href=\"https:\/\/www.lecourrierdudentiste.com\/lepatient\/la-prothese\" \/>\n<meta property=\"og:locale\" content=\"fr_FR\" \/>\n<meta property=\"og:type\" content=\"article\" \/>\n<meta property=\"og:title\" content=\"La proth\u00e8se - Ma sant\u00e9 bucco-dentaire - La proth\u00e8se\" \/>\n<meta property=\"og:description\" content=\"La proth\u00e8se est l&#039;une des branches de la m\u00e9decine dentaire qui s&#039;occupe de la restauration et la maintenance de la fonction orale.\" \/>\n<meta property=\"og:url\" content=\"https:\/\/www.lecourrierdudentiste.com\/lepatient\/la-prothese\" \/>\n<meta property=\"og:site_name\" content=\"Ma sant\u00e9 bucco-dentaire\" \/>\n<meta property=\"article:publisher\" content=\"https:\/\/www.facebook.com\/Ma-sant-bucco-dentaire-106538034609903\" \/>\n<meta property=\"article:modified_time\" content=\"2021-01-15T10:17:18+00:00\" \/>\n<meta property=\"og:image\" content=\"https:\/\/www.lecourrierdudentiste.com\/lepatient\/wp-content\/uploads\/2021\/01\/prothese-dentaire.jpg\" \/>\n\t<meta property=\"og:image:width\" content=\"640\" \/>\n\t<meta property=\"og:image:height\" content=\"356\" \/>\n\t<meta property=\"og:image:type\" content=\"image\/jpeg\" \/>\n<meta name=\"twitter:card\" content=\"summary_large_image\" \/>\n<meta name=\"twitter:label1\" content=\"Dur\u00e9e de lecture estim\u00e9e\" \/>\n\t<meta name=\"twitter:data1\" content=\"1 minute\" \/>\n<script type=\"application\/ld+json\" class=\"yoast-schema-graph\">{\"@context\":\"https:\\\/\\\/schema.org\",\"@graph\":[{\"@type\":\"WebPage\",\"@id\":\"https:\\\/\\\/www.lecourrierdudentiste.com\\\/lepatient\\\/la-prothese\",\"url\":\"https:\\\/\\\/www.lecourrierdudentiste.com\\\/lepatient\\\/la-prothese\",\"name\":\"La proth\u00e8se - Ma sant\u00e9 bucco-dentaire - La proth\u00e8se\",\"isPartOf\":{\"@id\":\"https:\\\/\\\/www.lecourrierdudentiste.com\\\/lepatient\\\/#website\"},\"primaryImageOfPage\":{\"@id\":\"https:\\\/\\\/www.lecourrierdudentiste.com\\\/lepatient\\\/la-prothese#primaryimage\"},\"image\":{\"@id\":\"https:\\\/\\\/www.lecourrierdudentiste.com\\\/lepatient\\\/la-prothese#primaryimage\"},\"thumbnailUrl\":\"https:\\\/\\\/www.lecourrierdudentiste.com\\\/lepatient\\\/wp-content\\\/uploads\\\/2021\\\/01\\\/prothese-dentaire.jpg\",\"datePublished\":\"2020-11-04T07:23:59+00:00\",\"dateModified\":\"2021-01-15T10:17:18+00:00\",\"description\":\"La proth\u00e8se est l'une des branches de la m\u00e9decine dentaire qui s'occupe de la restauration et la maintenance de la fonction orale.\",\"breadcrumb\":{\"@id\":\"https:\\\/\\\/www.lecourrierdudentiste.com\\\/lepatient\\\/la-prothese#breadcrumb\"},\"inLanguage\":\"fr-FR\",\"potentialAction\":[{\"@type\":\"ReadAction\",\"target\":[\"https:\\\/\\\/www.lecourrierdudentiste.com\\\/lepatient\\\/la-prothese\"]}]},{\"@type\":\"ImageObject\",\"inLanguage\":\"fr-FR\",\"@id\":\"https:\\\/\\\/www.lecourrierdudentiste.com\\\/lepatient\\\/la-prothese#primaryimage\",\"url\":\"https:\\\/\\\/www.lecourrierdudentiste.com\\\/lepatient\\\/wp-content\\\/uploads\\\/2021\\\/01\\\/prothese-dentaire.jpg\",\"contentUrl\":\"https:\\\/\\\/www.lecourrierdudentiste.com\\\/lepatient\\\/wp-content\\\/uploads\\\/2021\\\/01\\\/prothese-dentaire.jpg\",\"width\":640,\"height\":356,\"caption\":\"image de proth\u00e8ses diverses\"},{\"@type\":\"BreadcrumbList\",\"@id\":\"https:\\\/\\\/www.lecourrierdudentiste.com\\\/lepatient\\\/la-prothese#breadcrumb\",\"itemListElement\":[{\"@type\":\"ListItem\",\"position\":1,\"name\":\"Accueil\",\"item\":\"https:\\\/\\\/www.lecourrierdudentiste.com\\\/lepatient\"},{\"@type\":\"ListItem\",\"position\":2,\"name\":\"La proth\u00e8se\"}]},{\"@type\":\"WebSite\",\"@id\":\"https:\\\/\\\/www.lecourrierdudentiste.com\\\/lepatient\\\/#website\",\"url\":\"https:\\\/\\\/www.lecourrierdudentiste.com\\\/lepatient\\\/\",\"name\":\"Ma sant\u00e9 bucco-dentaire\",\"description\":\"Informations et conseils dentaires pour patient\",\"publisher\":{\"@id\":\"https:\\\/\\\/www.lecourrierdudentiste.com\\\/lepatient\\\/#\\\/schema\\\/person\\\/b60c4ef676e6f6aecf24be3a2b1d7f42\"},\"alternateName\":\"Sant\u00e9 bucco-dentaire\",\"potentialAction\":[{\"@type\":\"SearchAction\",\"target\":{\"@type\":\"EntryPoint\",\"urlTemplate\":\"https:\\\/\\\/www.lecourrierdudentiste.com\\\/lepatient\\\/?s={search_term_string}\"},\"query-input\":{\"@type\":\"PropertyValueSpecification\",\"valueRequired\":true,\"valueName\":\"search_term_string\"}}],\"inLanguage\":\"fr-FR\"},{\"@type\":[\"Person\",\"Organization\"],\"@id\":\"https:\\\/\\\/www.lecourrierdudentiste.com\\\/lepatient\\\/#\\\/schema\\\/person\\\/b60c4ef676e6f6aecf24be3a2b1d7f42\",\"name\":\"Admin\",\"image\":{\"@type\":\"ImageObject\",\"inLanguage\":\"fr-FR\",\"@id\":\"https:\\\/\\\/www.lecourrierdudentiste.com\\\/lepatient\\\/wp-content\\\/uploads\\\/2020\\\/11\\\/Ma-sante-dentaire2.jpg\",\"url\":\"https:\\\/\\\/www.lecourrierdudentiste.com\\\/lepatient\\\/wp-content\\\/uploads\\\/2020\\\/11\\\/Ma-sante-dentaire2.jpg\",\"contentUrl\":\"https:\\\/\\\/www.lecourrierdudentiste.com\\\/lepatient\\\/wp-content\\\/uploads\\\/2020\\\/11\\\/Ma-sante-dentaire2.jpg\",\"width\":290,\"height\":75,\"caption\":\"Admin\"},\"logo\":{\"@id\":\"https:\\\/\\\/www.lecourrierdudentiste.com\\\/lepatient\\\/wp-content\\\/uploads\\\/2020\\\/11\\\/Ma-sante-dentaire2.jpg\"},\"sameAs\":[\"https:\\\/\\\/www.lecourrierdudentiste.com\\\/lepatient\",\"https:\\\/\\\/www.facebook.com\\\/Ma-sant-bucco-dentaire-106538034609903\"]}]}<\/script>\n<!-- \/ Yoast SEO plugin. -->","yoast_head_json":{"title":"La proth\u00e8se - Ma sant\u00e9 bucco-dentaire - La proth\u00e8se","description":"La proth\u00e8se est l'une des branches de la m\u00e9decine dentaire qui s'occupe de la restauration et la maintenance de la fonction orale.","robots":{"index":"index","follow":"follow","max-snippet":"max-snippet:-1","max-image-preview":"max-image-preview:large","max-video-preview":"max-video-preview:-1"},"canonical":"https:\/\/www.lecourrierdudentiste.com\/lepatient\/la-prothese","og_locale":"fr_FR","og_type":"article","og_title":"La proth\u00e8se - Ma sant\u00e9 bucco-dentaire - La proth\u00e8se","og_description":"La proth\u00e8se est l'une des branches de la m\u00e9decine dentaire qui s'occupe de la restauration et la maintenance de la fonction orale.","og_url":"https:\/\/www.lecourrierdudentiste.com\/lepatient\/la-prothese","og_site_name":"Ma sant\u00e9 bucco-dentaire","article_publisher":"https:\/\/www.facebook.com\/Ma-sant-bucco-dentaire-106538034609903","article_modified_time":"2021-01-15T10:17:18+00:00","og_image":[{"width":640,"height":356,"url":"https:\/\/www.lecourrierdudentiste.com\/lepatient\/wp-content\/uploads\/2021\/01\/prothese-dentaire.jpg","type":"image\/jpeg"}],"twitter_card":"summary_large_image","twitter_misc":{"Dur\u00e9e de lecture estim\u00e9e":"1 minute"},"schema":{"@context":"https:\/\/schema.org","@graph":[{"@type":"WebPage","@id":"https:\/\/www.lecourrierdudentiste.com\/lepatient\/la-prothese","url":"https:\/\/www.lecourrierdudentiste.com\/lepatient\/la-prothese","name":"La proth\u00e8se - Ma sant\u00e9 bucco-dentaire - La proth\u00e8se","isPartOf":{"@id":"https:\/\/www.lecourrierdudentiste.com\/lepatient\/#website"},"primaryImageOfPage":{"@id":"https:\/\/www.lecourrierdudentiste.com\/lepatient\/la-prothese#primaryimage"},"image":{"@id":"https:\/\/www.lecourrierdudentiste.com\/lepatient\/la-prothese#primaryimage"},"thumbnailUrl":"https:\/\/www.lecourrierdudentiste.com\/lepatient\/wp-content\/uploads\/2021\/01\/prothese-dentaire.jpg","datePublished":"2020-11-04T07:23:59+00:00","dateModified":"2021-01-15T10:17:18+00:00","description":"La proth\u00e8se est l'une des branches de la m\u00e9decine dentaire qui s'occupe de la restauration et la maintenance de la fonction orale.","breadcrumb":{"@id":"https:\/\/www.lecourrierdudentiste.com\/lepatient\/la-prothese#breadcrumb"},"inLanguage":"fr-FR","potentialAction":[{"@type":"ReadAction","target":["https:\/\/www.lecourrierdudentiste.com\/lepatient\/la-prothese"]}]},{"@type":"ImageObject","inLanguage":"fr-FR","@id":"https:\/\/www.lecourrierdudentiste.com\/lepatient\/la-prothese#primaryimage","url":"https:\/\/www.lecourrierdudentiste.com\/lepatient\/wp-content\/uploads\/2021\/01\/prothese-dentaire.jpg","contentUrl":"https:\/\/www.lecourrierdudentiste.com\/lepatient\/wp-content\/uploads\/2021\/01\/prothese-dentaire.jpg","width":640,"height":356,"caption":"image de proth\u00e8ses diverses"},{"@type":"BreadcrumbList","@id":"https:\/\/www.lecourrierdudentiste.com\/lepatient\/la-prothese#breadcrumb","itemListElement":[{"@type":"ListItem","position":1,"name":"Accueil","item":"https:\/\/www.lecourrierdudentiste.com\/lepatient"},{"@type":"ListItem","position":2,"name":"La proth\u00e8se"}]},{"@type":"WebSite","@id":"https:\/\/www.lecourrierdudentiste.com\/lepatient\/#website","url":"https:\/\/www.lecourrierdudentiste.com\/lepatient\/","name":"Ma sant\u00e9 bucco-dentaire","description":"Informations et conseils dentaires pour patient","publisher":{"@id":"https:\/\/www.lecourrierdudentiste.com\/lepatient\/#\/schema\/person\/b60c4ef676e6f6aecf24be3a2b1d7f42"},"alternateName":"Sant\u00e9 bucco-dentaire","potentialAction":[{"@type":"SearchAction","target":{"@type":"EntryPoint","urlTemplate":"https:\/\/www.lecourrierdudentiste.com\/lepatient\/?s={search_term_string}"},"query-input":{"@type":"PropertyValueSpecification","valueRequired":true,"valueName":"search_term_string"}}],"inLanguage":"fr-FR"},{"@type":["Person","Organization"],"@id":"https:\/\/www.lecourrierdudentiste.com\/lepatient\/#\/schema\/person\/b60c4ef676e6f6aecf24be3a2b1d7f42","name":"Admin","image":{"@type":"ImageObject","inLanguage":"fr-FR","@id":"https:\/\/www.lecourrierdudentiste.com\/lepatient\/wp-content\/uploads\/2020\/11\/Ma-sante-dentaire2.jpg","url":"https:\/\/www.lecourrierdudentiste.com\/lepatient\/wp-content\/uploads\/2020\/11\/Ma-sante-dentaire2.jpg","contentUrl":"https:\/\/www.lecourrierdudentiste.com\/lepatient\/wp-content\/uploads\/2020\/11\/Ma-sante-dentaire2.jpg","width":290,"height":75,"caption":"Admin"},"logo":{"@id":"https:\/\/www.lecourrierdudentiste.com\/lepatient\/wp-content\/uploads\/2020\/11\/Ma-sante-dentaire2.jpg"},"sameAs":["https:\/\/www.lecourrierdudentiste.com\/lepatient","https:\/\/www.facebook.com\/Ma-sant-bucco-dentaire-106538034609903"]}]}},"jetpack_sharing_enabled":true,"_links":{"self":[{"href":"https:\/\/www.lecourrierdudentiste.com\/lepatient\/wp-json\/wp\/v2\/pages\/154","targetHints":{"allow":["GET"]}}],"collection":[{"href":"https:\/\/www.lecourrierdudentiste.com\/lepatient\/wp-json\/wp\/v2\/pages"}],"about":[{"href":"https:\/\/www.lecourrierdudentiste.com\/lepatient\/wp-json\/wp\/v2\/types\/page"}],"author":[{"embeddable":true,"href":"https:\/\/www.lecourrierdudentiste.com\/lepatient\/wp-json\/wp\/v2\/users\/1"}],"replies":[{"embeddable":true,"href":"https:\/\/www.lecourrierdudentiste.com\/lepatient\/wp-json\/wp\/v2\/comments?post=154"}],"version-history":[{"count":8,"href":"https:\/\/www.lecourrierdudentiste.com\/lepatient\/wp-json\/wp\/v2\/pages\/154\/revisions"}],"predecessor-version":[{"id":567,"href":"https:\/\/www.lecourrierdudentiste.com\/lepatient\/wp-json\/wp\/v2\/pages\/154\/revisions\/567"}],"wp:featuredmedia":[{"embeddable":true,"href":"https:\/\/www.lecourrierdudentiste.com\/lepatient\/wp-json\/wp\/v2\/media\/790"}],"wp:attachment":[{"href":"https:\/\/www.lecourrierdudentiste.com\/lepatient\/wp-json\/wp\/v2\/media?parent=154"}],"curies":[{"name":"wp","href":"https:\/\/api.w.org\/{rel}","templated":true}]}}